{"id":106,"date":"2024-07-31T14:05:07","date_gmt":"2024-07-31T12:05:07","guid":{"rendered":"http:\/\/www.energieboxe.ca\/?page_id=106"},"modified":"2024-09-24T11:47:20","modified_gmt":"2024-09-24T15:47:20","slug":"historique","status":"publish","type":"page","link":"https:\/\/www.energieboxe.ca\/index.php\/historique\/","title":{"rendered":"Historique"},"content":{"rendered":"<p>[et_pb_section fb_built=\u00a0\u00bb1&Prime; admin_label=\u00a0\u00bbHero\u00a0\u00bb _builder_version=\u00a0\u00bb4.27.0&Prime; _module_preset=\u00a0\u00bbdefault\u00a0\u00bb background_color=\u00a0\u00bbgcid-secondary-color\u00a0\u00bb use_background_color_gradient=\u00a0\u00bbon\u00a0\u00bb background_color_gradient_stops=\u00a0\u00bbrgba(0,0,0,0.29) 0%|rgba(255,255,255,0) 100%\u00a0\u00bb background_color_gradient_overlays_image=\u00a0\u00bbon\u00a0\u00bb background_color_gradient_start=\u00a0\u00bbrgba(0,0,0,0.5)\u00a0\u00bb background_color_gradient_end=\u00a0\u00bbrgba(0,0,0,0.75)\u00a0\u00bb background_enable_image=\u00a0\u00bboff\u00a0\u00bb background_enable_mask_style=\u00a0\u00bbon\u00a0\u00bb background_mask_style=\u00a0\u00bbtriangles\u00a0\u00bb custom_padding=\u00a0\u00bb110px||110px||true|false\u00a0\u00bb locked=\u00a0\u00bboff\u00a0\u00bb collapsed=\u00a0\u00bbon\u00a0\u00bb global_colors_info=\u00a0\u00bb{%22gcid-secondary-color%22:%91%22background_color%22%93}\u00a0\u00bb][et_pb_row column_structure=\u00a0\u00bb2_5,3_5&Prime; _builder_version=\u00a0\u00bb4.24.2&Prime; _module_preset=\u00a0\u00bb5138c454-be54-4233-bd3b-f8e6a8747976&Prime; locked=\u00a0\u00bboff\u00a0\u00bb global_colors_info=\u00a0\u00bb{}\u00a0\u00bb][et_pb_column type=\u00a0\u00bb2_5&Prime; _builder_version=\u00a0\u00bb4.23.1&Prime; _module_preset=\u00a0\u00bb73121f80-a3ef-4484-8763-c3f18e3c56d2&Prime; global_colors_info=\u00a0\u00bb{}\u00a0\u00bb][et_pb_heading title=\u00a0\u00bbUn Voyage de Passion et de D\u00e9termination\u00a0\u00bb _builder_version=\u00a0\u00bb4.27.0&Prime; _module_preset=\u00a0\u00bbf0c675ea-2574-4d0e-b725-30f8550a8550&Prime; title_font=\u00a0\u00bbOswald|&#8211;et_global_heading_font_weight||on|||||\u00a0\u00bb title_text_color=\u00a0\u00bbgcid-secondary-color\u00a0\u00bb title_letter_spacing=\u00a0\u00bb4px\u00a0\u00bb locked=\u00a0\u00bboff\u00a0\u00bb global_colors_info=\u00a0\u00bb{%22gcid-secondary-color%22:%91%22title_text_color%22%93}\u00a0\u00bb][\/et_pb_heading][et_pb_text _builder_version=\u00a0\u00bb4.27.0&Prime; _module_preset=\u00a0\u00bbdefault\u00a0\u00bb header_2_font=\u00a0\u00bbOswald|300||on|||||\u00a0\u00bb header_2_font_size=\u00a0\u00bb60px\u00a0\u00bb header_2_letter_spacing=\u00a0\u00bb15px\u00a0\u00bb header_2_line_height=\u00a0\u00bb1.4em\u00a0\u00bb header_3_font=\u00a0\u00bbOswald|500||on|||||\u00a0\u00bb header_3_text_color=\u00a0\u00bbgcid-secondary-color\u00a0\u00bb header_3_font_size=\u00a0\u00bb16px\u00a0\u00bb header_3_letter_spacing=\u00a0\u00bb8px\u00a0\u00bb global_colors_info=\u00a0\u00bb{%22gcid-primary-color%22:%91%22link_text_color%22,%22link_text_color%22%93,%22gcid-heading-color%22:%91%22header_text_color%22,%22header_4_text_color%22,%22header_2_text_color%22,%22header_5_text_color%22,%22header_6_text_color%22,%22quote_text_color%22,%22header_text_color%22,%22header_4_text_color%22,%22header_2_text_color%22,%22header_5_text_color%22,%22header_6_text_color%22,%22quote_text_color%22%93,%22gcid-body-color%22:%91%22text_text_color%22,%22text_text_color%22%93,%22gcid-secondary-color%22:%91%22quote_border_color%22,%22header_3_text_color%22%93}\u00a0\u00bb]<\/p>\n<h2 style=\"text-align: left;\">\u00c9nergie Boxe 2.0<\/h2>\n<p>[\/et_pb_text][\/et_pb_column][et_pb_column type=\u00a0\u00bb3_5&Prime; _builder_version=\u00a0\u00bb4.23.1&Prime; _module_preset=\u00a0\u00bb73121f80-a3ef-4484-8763-c3f18e3c56d2&Prime; global_colors_info=\u00a0\u00bb{}\u00a0\u00bb][et_pb_image src=\u00a0\u00bbhttp:\/\/www.energieboxe.ca\/wp-content\/uploads\/2024\/09\/Energie-Boxe-2-scaled.jpeg\u00a0\u00bb alt=\u00a0\u00bb\u00c9nergie Boxe 2&Prime; title_text=\u00a0\u00bb\u00c9nergie Boxe 2&Prime; _builder_version=\u00a0\u00bb4.27.0&Prime; _module_preset=\u00a0\u00bbdefault\u00a0\u00bb global_colors_info=\u00a0\u00bb{}\u00a0\u00bb][\/et_pb_image][\/et_pb_column][\/et_pb_row][\/et_pb_section][et_pb_section fb_built=\u00a0\u00bb1&Prime; admin_label=\u00a0\u00bbAbout\u00a0\u00bb _builder_version=\u00a0\u00bb4.25.1&Prime; _module_preset=\u00a0\u00bbdefault\u00a0\u00bb locked=\u00a0\u00bboff\u00a0\u00bb collapsed=\u00a0\u00bbon\u00a0\u00bb global_colors_info=\u00a0\u00bb{}\u00a0\u00bb][et_pb_row _builder_version=\u00a0\u00bb4.27.0&Prime; _module_preset=\u00a0\u00bbdefault\u00a0\u00bb global_colors_info=\u00a0\u00bb{}\u00a0\u00bb][et_pb_column type=\u00a0\u00bb4_4&Prime; _builder_version=\u00a0\u00bb4.27.0&Prime; _module_preset=\u00a0\u00bbdefault\u00a0\u00bb global_colors_info=\u00a0\u00bb{}\u00a0\u00bb][et_pb_text _builder_version=\u00a0\u00bb4.27.0&Prime; _module_preset=\u00a0\u00bbdefault\u00a0\u00bb header_2_font=\u00a0\u00bbOswald|300||on|||||\u00a0\u00bb header_2_font_size=\u00a0\u00bb60px\u00a0\u00bb header_2_letter_spacing=\u00a0\u00bb15px\u00a0\u00bb header_2_line_height=\u00a0\u00bb1.4em\u00a0\u00bb header_3_font=\u00a0\u00bbOswald|500||on|||||\u00a0\u00bb header_3_text_color=\u00a0\u00bbgcid-secondary-color\u00a0\u00bb header_3_letter_spacing=\u00a0\u00bb8px\u00a0\u00bb global_colors_info=\u00a0\u00bb{%22gcid-primary-color%22:%91%22link_text_color%22,%22link_text_color%22%93,%22gcid-heading-color%22:%91%22header_text_color%22,%22header_4_text_color%22,%22header_2_text_color%22,%22header_5_text_color%22,%22header_6_text_color%22,%22quote_text_color%22,%22header_text_color%22,%22header_4_text_color%22,%22header_2_text_color%22,%22header_5_text_color%22,%22header_6_text_color%22,%22quote_text_color%22%93,%22gcid-body-color%22:%91%22text_text_color%22,%22text_text_color%22%93,%22gcid-secondary-color%22:%91%22quote_border_color%22,%22header_3_text_color%22%93}\u00a0\u00bb]<\/p>\n<h3 style=\"text-align: center;\">Notre histoire<\/h3>\n<p>[\/et_pb_text][\/et_pb_column][\/et_pb_row][et_pb_row column_structure=\u00a0\u00bb1_2,1_2&Prime; _builder_version=\u00a0\u00bb4.25.1&Prime; _module_preset=\u00a0\u00bbdefault\u00a0\u00bb custom_margin=\u00a0\u00bb40px|auto||auto||\u00a0\u00bb global_colors_info=\u00a0\u00bb{}\u00a0\u00bb][et_pb_column type=\u00a0\u00bb1_2&Prime; _builder_version=\u00a0\u00bb4.25.1&Prime; _module_preset=\u00a0\u00bbdefault\u00a0\u00bb global_colors_info=\u00a0\u00bb{}\u00a0\u00bb][et_pb_text _builder_version=\u00a0\u00bb4.27.0&Prime; _module_preset=\u00a0\u00bb2c55a9c4-feed-423b-9edb-ae0b5b365cac\u00a0\u00bb text_font=\u00a0\u00bb|&#8211;et_global_body_font_weight|||||||\u00a0\u00bb global_colors_info=\u00a0\u00bb{}\u00a0\u00bb]<\/p>\n<p><strong>Beno\u00eet Martel<\/strong><\/p>\n<p>C\u2019est avec Marie Barlovits que Beno\u00eet fonde le Club de boxe olympique de L\u00e9vis en 2000 C\u00e9gep de L\u00e9vis-Lauzon. Par la suite, Energybox a \u00e9t\u00e9 fond\u00e9 officiellement en 2007 par Beno\u00eet. Impliqu\u00e9 dans le domaine passionnant de la boxe depuis pr\u00e8s de 35 ans, il a fait ses d\u00e9buts en tant que boxeur. Par passion pour la boxe, il a pris la d\u00e9cision de quitter son poste permanent d\u2019\u00e9lectricien chez Hydro-Qu\u00e9bec pour se consacrer enti\u00e8rement au club de boxe Energybox.<\/p>\n<p>Ses ann\u00e9es d\u2019exp\u00e9rience lui ont permis de contribuer fi\u00e8rement au d\u00e9veloppement de centaines d\u2019athl\u00e8tes dont plusieurs ont atteint un niveau de performance \u00e0 l\u2019\u00e9chelle provinciale, nationale et internationale dont Ariane Fortin, Viky Pelletier, Jean-Michel Kind, et Cinthia Bolduc. Beno\u00eet est tr\u00e8s fier de recommencer \u00e0 \u0153uvrer sur la Rive-Sud. Plusieurs boxeurs attendent son retour pour recommencer \u00e0 mettre les gants ! Il est un homme passionn\u00e9, sensible, une source in\u00e9puisable d\u2019informations et poss\u00e9dant une m\u00e9moire ph\u00e9nom\u00e9nale. Pour lui, peu importe le talent dont la Vie vous fait cadeau, l\u2019important c\u2019est d\u2019avoir une envie visc\u00e9rale de monter sur un ring et le faire avec c\u0153ur ! Il vous coachera sans jugement et s\u2019adaptera \u00e0 votre niveau de boxe.<\/p>\n<p>[\/et_pb_text][\/et_pb_column][et_pb_column type=\u00a0\u00bb1_2&Prime; _builder_version=\u00a0\u00bb4.25.1&Prime; _module_preset=\u00a0\u00bbdefault\u00a0\u00bb global_colors_info=\u00a0\u00bb{}\u00a0\u00bb][et_pb_image src=\u00a0\u00bbhttp:\/\/www.energieboxe.ca\/wp-content\/uploads\/2024\/09\/Energie-BOXE-2024_Merette-Photographe-29-scaled.jpg\u00a0\u00bb alt=\u00a0\u00bbBeno\u00eet Martel, co-propri\u00e9taire \u00c9nergie boxe\u00a0\u00bb title_text=\u00a0\u00bbEnergie BOXE 2024_Merette Photographe (29)\u00a0\u00bb _builder_version=\u00a0\u00bb4.27.0&Prime; _module_preset=\u00a0\u00bbdefault\u00a0\u00bb global_colors_info=\u00a0\u00bb{}\u00a0\u00bb][\/et_pb_image][\/et_pb_column][\/et_pb_row][et_pb_row column_structure=\u00a0\u00bb1_2,1_2&Prime; _builder_version=\u00a0\u00bb4.25.1&Prime; _module_preset=\u00a0\u00bbdefault\u00a0\u00bb global_colors_info=\u00a0\u00bb{}\u00a0\u00bb][et_pb_column type=\u00a0\u00bb1_2&Prime; _builder_version=\u00a0\u00bb4.25.1&Prime; _module_preset=\u00a0\u00bbdefault\u00a0\u00bb global_colors_info=\u00a0\u00bb{}\u00a0\u00bb][et_pb_image src=\u00a0\u00bbhttp:\/\/www.energieboxe.ca\/wp-content\/uploads\/2024\/09\/Energie-BOXE-2024_Merette-Photographe-33-scaled.jpg\u00a0\u00bb alt=\u00a0\u00bbFran\u00e7ois Linteau co propri\u00e9taire \u00c9nergie Boxe\u00a0\u00bb title_text=\u00a0\u00bbEnergie BOXE 2024_Merette Photographe (33)\u00a0\u00bb _builder_version=\u00a0\u00bb4.27.0&Prime; _module_preset=\u00a0\u00bbdefault\u00a0\u00bb global_colors_info=\u00a0\u00bb{}\u00a0\u00bb][\/et_pb_image][\/et_pb_column][et_pb_column type=\u00a0\u00bb1_2&Prime; _builder_version=\u00a0\u00bb4.25.1&Prime; _module_preset=\u00a0\u00bbdefault\u00a0\u00bb global_colors_info=\u00a0\u00bb{}\u00a0\u00bb][et_pb_text _builder_version=\u00a0\u00bb4.27.0&Prime; _module_preset=\u00a0\u00bb2c55a9c4-feed-423b-9edb-ae0b5b365cac\u00a0\u00bb text_font=\u00a0\u00bb|&#8211;et_global_body_font_weight|||||||\u00a0\u00bb global_colors_info=\u00a0\u00bb{}\u00a0\u00bb]<\/p>\n<p><strong>Fran\u00e7ois Linteau<\/strong><\/p>\n<p>Technicien en t\u00e9l\u00e9communications depuis 1996, ce passionn\u00e9 de boxe a quelques combats amateurs \u00e0 son actif. Il a emm\u00e9nag\u00e9 dans la Ville de Qu\u00e9bec il y a 6 ans. Il a rencontr\u00e9 Beno\u00eet Martel au Club de boxe de Loretteville en 2020.<\/p>\n<p>Par la suite, le Club de Boxe est d\u00e9m\u00e9nag\u00e9 dans Lebourgneuf. Fran\u00e7ois a rapidement commenc\u00e9 \u00e0 assister Beno\u00eet lors des cours de groupes et individuels. C\u2019est le king de la palette ! Au cours de cette p\u00e9riode, il a pu compl\u00e9ter ses niveaux 1 et 2 d\u2019entra\u00eeneur. Il est actuellement \u00e0 finaliser son niveau 3. Fran\u00e7ois aime accompagner les boxeurs en comp\u00e9tition. Dot\u00e9 d\u2019une grande \u00e9coute, d\u2019une intelligence \u00e9motionnelle hors du commun et tr\u00e8s d\u00e9vou\u00e9, il prend plaisir \u00e0 voir \u00e9voluer les boxeurs.<\/p>\n<p>[\/et_pb_text][\/et_pb_column][\/et_pb_row][et_pb_row column_structure=\u00a0\u00bb1_2,1_2&Prime; _builder_version=\u00a0\u00bb4.25.1&Prime; _module_preset=\u00a0\u00bbdefault\u00a0\u00bb global_colors_info=\u00a0\u00bb{}\u00a0\u00bb][et_pb_column type=\u00a0\u00bb1_2&Prime; _builder_version=\u00a0\u00bb4.25.1&Prime; _module_preset=\u00a0\u00bbdefault\u00a0\u00bb global_colors_info=\u00a0\u00bb{}\u00a0\u00bb][et_pb_text _builder_version=\u00a0\u00bb4.27.0&Prime; _module_preset=\u00a0\u00bb2c55a9c4-feed-423b-9edb-ae0b5b365cac\u00a0\u00bb text_font=\u00a0\u00bb|&#8211;et_global_body_font_weight|||||||\u00a0\u00bb global_colors_info=\u00a0\u00bb{}\u00a0\u00bb]<\/p>\n<p><strong>Eric Dallaire<\/strong><\/p>\n<p>Conseiller financier en s\u00e9curit\u00e9 financi\u00e8re, assurance et rentes collectives depuis 1999, propri\u00e9taire d\u2019immeubles et surtout, p\u00e8re d\u2019un boxeur de la rel\u00e8ve, Eric a rencontr\u00e9 Beno\u00eet et Fran\u00e7ois au Club de boxe dans Lebourgneuf. Une sinc\u00e8re amiti\u00e9 bas\u00e9e sur le respect s\u2019est d\u00e9velopp\u00e9e entre nos trois associ\u00e9s. Eric accompagne son fils Mathieu \u00e0 toutes les comp\u00e9titions, peu importe o\u00f9 elle se trouve. Avec le temps, la passion de son fils dans ce sport et son ind\u00e9niable fibre entrepreneuriale \u2026 il s\u2019est surpris \u00e0 r\u00eaver d\u2019\u00eatre propri\u00e9taire d\u2019un Club de Boxe avec ses deux acolytes. Eric est extr\u00eamement \u00e9nergique, organis\u00e9 et motiv\u00e9. On peut dire qu\u2019il sait exactement o\u00f9 il s\u2019en va ! Au cours des derni\u00e8res ann\u00e9es, il a pu compl\u00e9ter ses niveaux 1 et 2 d\u2019entra\u00eeneur. Il est actuellement \u00e0 finaliser son niveau 3.<\/p>\n<p>[\/et_pb_text][\/et_pb_column][et_pb_column type=\u00a0\u00bb1_2&Prime; _builder_version=\u00a0\u00bb4.25.1&Prime; _module_preset=\u00a0\u00bbdefault\u00a0\u00bb global_colors_info=\u00a0\u00bb{}\u00a0\u00bb][et_pb_image src=\u00a0\u00bbhttp:\/\/www.energieboxe.ca\/wp-content\/uploads\/2024\/09\/Energie-BOXE-2024_Merette-Photographe-35-scaled.jpg\u00a0\u00bb alt=\u00a0\u00bb\u00c9ric Dallaire, co-propri\u00e9taire \u00c9nergie boxe\u00a0\u00bb title_text=\u00a0\u00bbEnergie BOXE 2024_Merette Photographe (35)\u00a0\u00bb _builder_version=\u00a0\u00bb4.27.0&Prime; _module_preset=\u00a0\u00bbdefault\u00a0\u00bb global_colors_info=\u00a0\u00bb{}\u00a0\u00bb][\/et_pb_image][\/et_pb_column][\/et_pb_row][et_pb_row _builder_version=\u00a0\u00bb4.27.0&Prime; _module_preset=\u00a0\u00bbdefault\u00a0\u00bb global_colors_info=\u00a0\u00bb{}\u00a0\u00bb][et_pb_column type=\u00a0\u00bb4_4&Prime; _builder_version=\u00a0\u00bb4.27.0&Prime; _module_preset=\u00a0\u00bbdefault\u00a0\u00bb global_colors_info=\u00a0\u00bb{}\u00a0\u00bb][et_pb_text _builder_version=\u00a0\u00bb4.27.0&Prime; _module_preset=\u00a0\u00bb2c55a9c4-feed-423b-9edb-ae0b5b365cac\u00a0\u00bb text_font=\u00a0\u00bb|&#8211;et_global_body_font_weight|||||||\u00a0\u00bb global_colors_info=\u00a0\u00bb{}\u00a0\u00bb]<\/p>\n<p><strong>Vous serez donc entre bonnes mains avec ses trois propri\u00e9taires. <\/strong><\/p>\n<p>Aussi diff\u00e9rents soient-ils, il se compl\u00e8tent extr\u00eamement bien par leurs connaissances et leurs personnalit\u00e9s.<\/p>\n<p>[\/et_pb_text][\/et_pb_column][\/et_pb_row][\/et_pb_section]<\/p>\n","protected":false},"excerpt":{"rendered":"<p>\u00c9nergie Boxe 2.0Notre histoireBeno\u00eet Martel C\u2019est avec Marie Barlovits que Beno\u00eet fonde le Club de boxe olympique de L\u00e9vis en 2000 C\u00e9gep de L\u00e9vis-Lauzon. Par la suite, Energybox a \u00e9t\u00e9 fond\u00e9 officiellement en 2007 par Beno\u00eet. Impliqu\u00e9 dans le domaine passionnant de la boxe depuis pr\u00e8s de 35 ans, il a fait ses d\u00e9buts en [&hellip;]<\/p>\n","protected":false},"author":1,"featured_media":0,"parent":0,"menu_order":0,"comment_status":"closed","ping_status":"closed","template":"","meta":{"_et_pb_use_builder":"on","_et_pb_old_content":"","_et_gb_content_width":"","footnotes":""},"class_list":["post-106","page","type-page","status-publish","hentry"],"_links":{"self":[{"href":"https:\/\/www.energieboxe.ca\/index.php\/wp-json\/wp\/v2\/pages\/106","targetHints":{"allow":["GET"]}}],"collection":[{"href":"https:\/\/www.energieboxe.ca\/index.php\/wp-json\/wp\/v2\/pages"}],"about":[{"href":"https:\/\/www.energieboxe.ca\/index.php\/wp-json\/wp\/v2\/types\/page"}],"author":[{"embeddable":true,"href":"https:\/\/www.energieboxe.ca\/index.php\/wp-json\/wp\/v2\/users\/1"}],"replies":[{"embeddable":true,"href":"https:\/\/www.energieboxe.ca\/index.php\/wp-json\/wp\/v2\/comments?post=106"}],"version-history":[{"count":13,"href":"https:\/\/www.energieboxe.ca\/index.php\/wp-json\/wp\/v2\/pages\/106\/revisions"}],"predecessor-version":[{"id":388,"href":"https:\/\/www.energieboxe.ca\/index.php\/wp-json\/wp\/v2\/pages\/106\/revisions\/388"}],"wp:attachment":[{"href":"https:\/\/www.energieboxe.ca\/index.php\/wp-json\/wp\/v2\/media?parent=106"}],"curies":[{"name":"wp","href":"https:\/\/api.w.org\/{rel}","templated":true}]}}